{"version":"1.0","provider_name":"info algerie","provider_url":"https:\/\/www.info-algerie.com\/actualites","author_name":"La r\u00e9daction","author_url":"https:\/\/www.info-algerie.com\/actualites\/author\/chakib32\/","title":"Messahel pour une d\u00e9finition &quot;commune&quot; du terrorisme - info algerie","type":"rich","width":600,"height":338,"html":"<blockquote class=\"wp-embedded-content\" data-secret=\"XaQSLqAoT9\"><a href=\"https:\/\/www.info-algerie.com\/actualites\/messahel-pour-une-definition-commune-du-terrorisme\/\">Messahel pour une d\u00e9finition &quot;commune&quot; du terrorisme<\/a><\/blockquote><iframe sandbox=\"allow-scripts\" security=\"restricted\" src=\"https:\/\/www.info-algerie.com\/actualites\/messahel-pour-une-definition-commune-du-terrorisme\/embed\/#?secret=XaQSLqAoT9\" width=\"600\" height=\"338\" title=\"\u00ab\u00a0Messahel pour une d\u00e9finition &quot;commune&quot; du terrorisme\u00a0\u00bb &#8212; info algerie\" data-secret=\"XaQSLqAoT9\" frameborder=\"0\" marginwidth=\"0\" marginheight=\"0\" scrolling=\"no\" class=\"wp-embedded-content\"><\/iframe><script type=\"text\/javascript\">\n\/* <![CDATA[ *\/\n\/*! This file is auto-generated *\/\n!function(d,l){\"use strict\";l.querySelector&&d.addEventListener&&\"undefined\"!=typeof URL&&(d.wp=d.wp||{},d.wp.receiveEmbedMessage||(d.wp.receiveEmbedMessage=function(e){var t=e.data;if((t||t.secret||t.message||t.value)&&!\/[^a-zA-Z0-9]\/.test(t.secret)){for(var s,r,n,a=l.querySelectorAll('iframe[data-secret=\"'+t.secret+'\"]'),o=l.querySelectorAll('blockquote[data-secret=\"'+t.secret+'\"]'),c=new RegExp(\"^https?:$\",\"i\"),i=0;i<o.length;i++)o[i].style.display=\"none\";for(i=0;i<a.length;i++)s=a[i],e.source===s.contentWindow&&(s.removeAttribute(\"style\"),\"height\"===t.message?(1e3<(r=parseInt(t.value,10))?r=1e3:~~r<200&&(r=200),s.height=r):\"link\"===t.message&&(r=new URL(s.getAttribute(\"src\")),n=new URL(t.value),c.test(n.protocol))&&n.host===r.host&&l.activeElement===s&&(d.top.location.href=t.value))}},d.addEventListener(\"message\",d.wp.receiveEmbedMessage,!1),l.addEventListener(\"DOMContentLoaded\",function(){for(var e,t,s=l.querySelectorAll(\"iframe.wp-embedded-content\"),r=0;r<s.length;r++)(t=(e=s[r]).getAttribute(\"data-secret\"))||(t=Math.random().toString(36).substring(2,12),e.src+=\"#?secret=\"+t,e.setAttribute(\"data-secret\",t)),e.contentWindow.postMessage({message:\"ready\",secret:t},\"*\")},!1)))}(window,document);\n\/\/# sourceURL=https:\/\/www.info-algerie.com\/actualites\/wp-includes\/js\/wp-embed.min.js\n\/* ]]> *\/\n<\/script>\n","thumbnail_url":"https:\/\/www.info-algerie.com\/actualites\/wp-content\/uploads\/2017\/10\/ba49c2ccd23efec2a034a60a65b6f0a0_S-1.jpg","thumbnail_width":280,"thumbnail_height":169,"description":"ALGER &#8211; Le ministre des Affaires \u00e9trang\u00e8res, Abdelkader Messahel, a soulign\u00e9, mercredi \u00e0 Alger la \u00ab\u00a0n\u00e9cessit\u00e9\u00a0\u00bb de parvenir \u00e0 \u00ab\u00a0une d\u00e9finition commune\u00a0\u00bb du terrorisme, plaidant pour \u00ab\u00a0un renforcement\u00a0\u00bb des instruments nationaux, r\u00e9gionaux et internationaux de lutte contre le terrorisme et le crime organis\u00e9 transnational. &#013; &#013; \u00ab\u00a0Il y a aussi une n\u00e9cessit\u00e9 de parvenir \u00e0"}